{"id":1104,"date":"2020-05-22T16:26:48","date_gmt":"2020-05-22T14:26:48","guid":{"rendered":"http:\/\/tomil.de\/fotoshopwp\/?page_id=1104"},"modified":"2024-06-09T15:04:41","modified_gmt":"2024-06-09T13:04:41","slug":"ausstellungen","status":"publish","type":"page","link":"https:\/\/tomil.de\/fotoshopwp\/ausstellungen\/","title":{"rendered":"Ausstellungen"},"content":{"rendered":"\n<style type=\"text\/css\" data-created_by=\"avia_inline_auto\" id=\"style-css-av-k21j24da-e8b8a1388446f0a2ed764e2f99a5c9b6\">\n#top .av_textblock_section.av-k21j24da-e8b8a1388446f0a2ed764e2f99a5c9b6 .avia_textblock{\n-webkit-column-count:3;\n-moz-column-count:3;\ncolumn-count:3;\n}\n<\/style>\n<section  class='av_textblock_section av-k21j24da-e8b8a1388446f0a2ed764e2f99a5c9b6'  itemscope=\"itemscope\" itemtype=\"https:\/\/schema.org\/CreativeWork\" ><div class='avia_textblock av_multi_colums'  itemprop=\"text\" ><p><strong>Halle und seine Universit\u00e4t<\/strong><br \/>\nEine Zeitreise der besonderen Art von Torsten Milarg<\/p>\n<hr \/>\n<p>Industrialisierung und Urbanisierung f\u00fchrten in Halle in der zweiten H\u00e4lfte des 19. Jahrhunderts durch Eingemeindungen und die Schaffung neuer Stadtviertel zu gravierenden st\u00e4dtebaulichen Ver\u00e4nderungen.<br \/>\nFritz M\u00f6ller (Portr\u00e4t- und Architekturfotograf, 1860 \u2013 1923) und Gottfried Riehm (Amateurfotograf 1858 \u2013 1928) dokumentierten mit ihren zahlreichen Momentaufnahmen historische<br \/>\nStadtansichten von Halle.<br \/>\nDeren Aufnahmen sind die Grundlage f\u00fcr die Arbeiten von Torsten Milarg. Der Fotoband Halle um die Jahrhundertwende \u2013 Photographien von Fritz M\u00f6ller inspirierte ihn, historische<br \/>\nArchitekturfotografien mit zeitgen\u00f6ssischen eigenen digitalen Aufnahmen zu kombinieren. F\u00fcr die Motivfindung recherchierte er im Stadt- und Universit\u00e4tsarchiv. Milargs eigene aktuelle, digitale Fotografien mit dem historischen Bildmaterial genauestens abzugleichen (Standort, Perspektive, Lichteinfall, Schatten, Reflexionen, Tageszeit, Wetter, Bew\u00f6lkung, Jahreszeit) war eine wesentliche Voraussetzung f\u00fcr das Gelingen seiner Fotokompositionen. Eine besondere technische Herausforderung stellte die nicht bestimmbare Brennweite der Objektive dar, mit denen M\u00f6ller und Riehm arbeiteten.<br \/>\nMithilfe der digitalen Bildbearbeitung f\u00fcgt Milarg das historische Bild und seine moderne Aufnahme zusammen und bearbeitet diese aufwendig. Das historische Foto wird dabei nicht retuschiert \u2013 St\u00f6rungen, Fehlstellen und Seitenverh\u00e4ltnisse bleiben erhalten.<br \/>\nF\u00fcr den K\u00fcnstler sind die gezeigten Kompositionen ein gestalterisches Experiment, das die Entwicklung Halles und der Universit\u00e4t \u00fcber einen Zeitraum von etwa 100 Jahren wiedergibt.<\/p>\n<p>Konstanz und Bestand sowie Fortschritt und Ver\u00e4nderung werden dokumentiert.<br \/>\nNeben Motiven, welche die st\u00e4dtebaulichen und architektonischen Besonderheiten einzelner Universit\u00e4tsbauten (L\u00f6wengeb\u00e4ude, Universit\u00e4tskliniken, Steintor-Campus) zeigen, verwendet Milarg auch bekannte Stadtansichten (Marktschl\u00f6\u00dfchen, Domplatz, Moritzburg), die mit der Geschichte der Universit\u00e4t verbunden sind. Mit den Motiven Giebichensteinbr\u00fccke und Burse zur Tulpe verweist er in der Ausstellung auf Orte der Moderne, die vielf\u00e4ltig in Halle vertreten sind und bindet sie ein in das Jubil\u00e4um \u201e100 jahre bauhaus\u201c.<br \/>\nW\u00e4hrend die Werke M\u00f6llers und Riehms h\u00e4ufiger in Ausstellungen zu sehen waren, erm\u00f6glichen Milargs Arbeiten einen ganz neuen Blick auf Halle und seine Universit\u00e4t. Milargs spannungsreich und aufwendig inszenierte Fotokompositionen werden in der Sonderausstellung der Zentralen Kustodie der Martin-Luther-Universit\u00e4t Halle-Wittenberg erstmalig der \u00d6ffentlichkeit vorgestellt.<br \/>\n<br class=\"avia-permanent-lb\" \/><\/p>\n<p>Text: Dorothea Hornemann<\/p>\n<p>Recherche und Texte der Bildbeschreibungen: Dorothea Hornemann und Dr. J\u00fcrgen Vogel<\/p>\n<\/div><\/section>\n<div class='flex_column av-av_one_full-a961ec8c42a44a397321d1a2224da3ca av_one_full  avia-builder-el-1  el_after_av_textblock  el_before_av_one_third  first flex_column_div column-top-margin'     ><\/div>\n<style type=\"text\/css\" data-created_by=\"avia_inline_auto\" id=\"style-css-av-4rsngg-5c9558e07b55b427f4791c5b7442d40f\">\n.flex_column.av-4rsngg-5c9558e07b55b427f4791c5b7442d40f{\n-webkit-border-radius:0px 0px 0px 0px;\n-moz-border-radius:0px 0px 0px 0px;\nborder-radius:0px 0px 0px 0px;\n}\n<\/style>\n<div class='flex_column av-4rsngg-5c9558e07b55b427f4791c5b7442d40f av_one_third  avia-builder-el-2  el_after_av_one_full  el_before_av_one_third  first flex_column_div av-zero-column-padding column-top-margin'     ><style type=\"text\/css\" data-created_by=\"avia_inline_auto\" id=\"style-css-av-3964pc-25229c72dcdbce86823f66b25e58c731\">\n.avia-image-container.av-3964pc-25229c72dcdbce86823f66b25e58c731 img.avia_image{\nbox-shadow:none;\n}\n.avia-image-container.av-3964pc-25229c72dcdbce86823f66b25e58c731 .av-caption-image-overlay-bg{\nopacity:0.4;\nbackground-color:#000000;\n}\n.avia-image-container.av-3964pc-25229c72dcdbce86823f66b25e58c731 .av-image-caption-overlay-center{\ncolor:#ffffff;\n}\n<\/style>\n<div  class='avia-image-container av-3964pc-25229c72dcdbce86823f66b25e58c731 av-styling- avia-align-center  avia-builder-el-3  avia-builder-el-no-sibling  noHover av-overlay-hover-deactivate'   itemprop=\"image\" itemscope=\"itemscope\" itemtype=\"https:\/\/schema.org\/ImageObject\" ><div class=\"avia-image-container-inner\"><div class=\"avia-image-overlay-wrap\"><a href=\"https:\/\/tomil.de\/fotoshopwp\/ausstellung-im-stadtarchiv\/\" class='avia_image' ><div class=\"av-image-caption-overlay\"><div class=\"av-caption-image-overlay-bg\"><\/div><div class=\"av-image-caption-overlay-position\"><div class=\"av-image-caption-overlay-center\"><p>Ausstellung im Stadtarchiv Halle<\/p>\n<\/div><\/div><\/div><img decoding=\"async\" class='wp-image-1567 avia-img-lazy-loading-not-1567 avia_image ' src=\"https:\/\/tomil.de\/fotoshopwp\/wp-content\/uploads\/2021\/09\/20210903_124716-scaled-e1717935622702.jpg\" alt='' title='20210903_124716'  height=\"1362\" width=\"2048\"  itemprop=\"thumbnailUrl\" srcset=\"https:\/\/tomil.de\/fotoshopwp\/wp-content\/uploads\/2021\/09\/20210903_124716-scaled-e1717935622702.jpg 2048w, https:\/\/tomil.de\/fotoshopwp\/wp-content\/uploads\/2021\/09\/20210903_124716-scaled-e1717935622702-300x200.jpg 300w, https:\/\/tomil.de\/fotoshopwp\/wp-content\/uploads\/2021\/09\/20210903_124716-scaled-e1717935622702-1030x685.jpg 1030w, https:\/\/tomil.de\/fotoshopwp\/wp-content\/uploads\/2021\/09\/20210903_124716-scaled-e1717935622702-1536x1022.jpg 1536w, https:\/\/tomil.de\/fotoshopwp\/wp-content\/uploads\/2021\/09\/20210903_124716-scaled-e1717935622702-1500x998.jpg 1500w, https:\/\/tomil.de\/fotoshopwp\/wp-content\/uploads\/2021\/09\/20210903_124716-scaled-e1717935622702-705x469.jpg 705w, https:\/\/tomil.de\/fotoshopwp\/wp-content\/uploads\/2021\/09\/20210903_124716-scaled-e1717935622702-450x299.jpg 450w, https:\/\/tomil.de\/fotoshopwp\/wp-content\/uploads\/2021\/09\/20210903_124716-scaled-e1717935622702-600x399.jpg 600w\" sizes=\"(max-width: 2048px) 100vw, 2048px\" \/><\/a><\/div><\/div><\/div><\/div><\/p>\n\n<style type=\"text\/css\" data-created_by=\"avia_inline_auto\" id=\"style-css-av-4e8m0g-2-8aa87a71db78052c7833db72c0bc4734\">\n.flex_column.av-4e8m0g-2-8aa87a71db78052c7833db72c0bc4734{\n-webkit-border-radius:0px 0px 0px 0px;\n-moz-border-radius:0px 0px 0px 0px;\nborder-radius:0px 0px 0px 0px;\n}\n<\/style>\n<div class='flex_column av-4e8m0g-2-8aa87a71db78052c7833db72c0bc4734 av_one_third  avia-builder-el-4  el_after_av_one_third  el_before_av_one_third  flex_column_div av-zero-column-padding column-top-margin'     ><style type=\"text\/css\" data-created_by=\"avia_inline_auto\" id=\"style-css-av-kaiag5re-1-bc462d0bae9ef721a52f400f7560e1dc\">\n.avia-image-container.av-kaiag5re-1-bc462d0bae9ef721a52f400f7560e1dc img.avia_image{\nbox-shadow:none;\n}\n.avia-image-container.av-kaiag5re-1-bc462d0bae9ef721a52f400f7560e1dc .av-caption-image-overlay-bg{\nopacity:0.4;\nbackground-color:#000000;\n}\n.avia-image-container.av-kaiag5re-1-bc462d0bae9ef721a52f400f7560e1dc .av-image-caption-overlay-center{\ncolor:#ffffff;\n}\n<\/style>\n<div  class='avia-image-container av-kaiag5re-1-bc462d0bae9ef721a52f400f7560e1dc av-styling- avia-align-center  avia-builder-el-5  avia-builder-el-no-sibling  noHover av-overlay-hover-deactivate'   itemprop=\"image\" itemscope=\"itemscope\" itemtype=\"https:\/\/schema.org\/ImageObject\" ><div class=\"avia-image-container-inner\"><div class=\"avia-image-overlay-wrap\"><a href=\"http:\/\/tomil.de\/fotoshopwp\/zentrale-kustodie-der-mlu-2019\/\" class='avia_image' ><div class=\"av-image-caption-overlay\"><div class=\"av-caption-image-overlay-bg\"><\/div><div class=\"av-image-caption-overlay-position\"><div class=\"av-image-caption-overlay-center\"><p>Ausstellung der MLU 2019<\/p>\n<\/div><\/div><\/div><img decoding=\"async\" class='wp-image-1114 avia-img-lazy-loading-not-1114 avia_image ' src=\"https:\/\/tomil.de\/fotoshopwp\/wp-content\/uploads\/2020\/05\/DSC_8932.jpg\" alt='' title='DSC_8932'  height=\"1363\" width=\"2048\"  itemprop=\"thumbnailUrl\" srcset=\"https:\/\/tomil.de\/fotoshopwp\/wp-content\/uploads\/2020\/05\/DSC_8932.jpg 2048w, https:\/\/tomil.de\/fotoshopwp\/wp-content\/uploads\/2020\/05\/DSC_8932-600x399.jpg 600w, https:\/\/tomil.de\/fotoshopwp\/wp-content\/uploads\/2020\/05\/DSC_8932-300x200.jpg 300w, https:\/\/tomil.de\/fotoshopwp\/wp-content\/uploads\/2020\/05\/DSC_8932-1030x685.jpg 1030w, https:\/\/tomil.de\/fotoshopwp\/wp-content\/uploads\/2020\/05\/DSC_8932-1500x998.jpg 1500w, https:\/\/tomil.de\/fotoshopwp\/wp-content\/uploads\/2020\/05\/DSC_8932-705x469.jpg 705w\" sizes=\"(max-width: 2048px) 100vw, 2048px\" \/><\/a><\/div><\/div><\/div><\/div>\n\n<style type=\"text\/css\" data-created_by=\"avia_inline_auto\" id=\"style-css-av-6l2sw-1ae7a58ecc7ec401bd87add5ae777a67\">\n.flex_column.av-6l2sw-1ae7a58ecc7ec401bd87add5ae777a67{\n-webkit-border-radius:0px 0px 0px 0px;\n-moz-border-radius:0px 0px 0px 0px;\nborder-radius:0px 0px 0px 0px;\n}\n<\/style>\n<div class='flex_column av-6l2sw-1ae7a58ecc7ec401bd87add5ae777a67 av_one_third  avia-builder-el-6  el_after_av_one_third  el_before_av_one_full  flex_column_div av-zero-column-padding column-top-margin'     ><style type=\"text\/css\" data-created_by=\"avia_inline_auto\" id=\"style-css-av-kaiaj9xq-d8c39985d56801c82904148e2e867ebd\">\n.avia-image-container.av-kaiaj9xq-d8c39985d56801c82904148e2e867ebd img.avia_image{\nbox-shadow:none;\n}\n.avia-image-container.av-kaiaj9xq-d8c39985d56801c82904148e2e867ebd .av-caption-image-overlay-bg{\nopacity:0.4;\nbackground-color:#000000;\n}\n.avia-image-container.av-kaiaj9xq-d8c39985d56801c82904148e2e867ebd .av-image-caption-overlay-center{\ncolor:#ffffff;\n}\n<\/style>\n<div  class='avia-image-container av-kaiaj9xq-d8c39985d56801c82904148e2e867ebd av-styling- avia-align-left  avia-builder-el-7  avia-builder-el-no-sibling  noHover av-overlay-hover-deactivate'   itemprop=\"image\" itemscope=\"itemscope\" itemtype=\"https:\/\/schema.org\/ImageObject\" ><div class=\"avia-image-container-inner\"><div class=\"avia-image-overlay-wrap\"><a href=\"http:\/\/tomil.de\/fotoshopwp\/dauerausstellung-im-gasthaus-zum-schad\/\" class='avia_image' ><div class=\"av-image-caption-overlay\"><div class=\"av-caption-image-overlay-bg\"><\/div><div class=\"av-image-caption-overlay-position\"><div class=\"av-image-caption-overlay-center\"><p>Sonder-\/ Dauerausstellung im Gasthaus &#8222;Zum Schad&#8220;<\/p>\n<\/div><\/div><\/div><img decoding=\"async\" class='wp-image-1074 avia-img-lazy-loading-not-1074 avia_image ' src=\"https:\/\/tomil.de\/fotoshopwp\/wp-content\/uploads\/2020\/05\/DSC_9203-HDR-e1717938946105.jpg\" alt='' title='DSC_9203-HDR'  height=\"1361\" width=\"2048\"  itemprop=\"thumbnailUrl\" srcset=\"https:\/\/tomil.de\/fotoshopwp\/wp-content\/uploads\/2020\/05\/DSC_9203-HDR-e1717938946105.jpg 2048w, https:\/\/tomil.de\/fotoshopwp\/wp-content\/uploads\/2020\/05\/DSC_9203-HDR-e1717938946105-600x399.jpg 600w, https:\/\/tomil.de\/fotoshopwp\/wp-content\/uploads\/2020\/05\/DSC_9203-HDR-e1717938946105-300x199.jpg 300w, https:\/\/tomil.de\/fotoshopwp\/wp-content\/uploads\/2020\/05\/DSC_9203-HDR-e1717938946105-1030x684.jpg 1030w, https:\/\/tomil.de\/fotoshopwp\/wp-content\/uploads\/2020\/05\/DSC_9203-HDR-e1717938946105-1500x997.jpg 1500w, https:\/\/tomil.de\/fotoshopwp\/wp-content\/uploads\/2020\/05\/DSC_9203-HDR-e1717938946105-705x469.jpg 705w, https:\/\/tomil.de\/fotoshopwp\/wp-content\/uploads\/2020\/05\/DSC_9203-HDR-e1717938946105-450x299.jpg 450w, https:\/\/tomil.de\/fotoshopwp\/wp-content\/uploads\/2020\/05\/DSC_9203-HDR-e1717938946105-1536x1021.jpg 1536w\" sizes=\"(max-width: 2048px) 100vw, 2048px\" \/><\/a><\/div><\/div><\/div><\/div>\n<div class='flex_column av-2twkr4-2e49e17d025344853f3657e068338880 av_one_full  avia-builder-el-8  el_after_av_one_third  el_before_av_textblock  first flex_column_div column-top-margin'     ><div  class='hr av-av_hr-91d7ccd583a503147498e120fee2ff9b hr-default  avia-builder-el-9  avia-builder-el-no-sibling '><span class='hr-inner '><span class=\"hr-inner-style\"><\/span><\/span><\/div><\/div>\n<style type=\"text\/css\" data-created_by=\"avia_inline_auto\" id=\"style-css-av-l596ic2b-1fa3b8fbe0dcb1aae506343a495ea6fb\">\n#top .av_textblock_section.av-l596ic2b-1fa3b8fbe0dcb1aae506343a495ea6fb .avia_textblock{\n-webkit-column-count:3;\n-moz-column-count:3;\ncolumn-count:3;\n}\n<\/style>\n<section  class='av_textblock_section av-l596ic2b-1fa3b8fbe0dcb1aae506343a495ea6fb'  itemscope=\"itemscope\" itemtype=\"https:\/\/schema.org\/CreativeWork\" ><div class='avia_textblock av_multi_colums'  itemprop=\"text\" ><p><strong><span class=\"fontstyle0\">HALBERSTADT IM WANDEL<\/span><\/strong><\/p>\n<p><span class=\"fontstyle0\">Eine besondere fotografische Zeitreise<\/span><\/p>\n<hr \/>\n<p><span class=\"fontstyle0\">Liebe Besucher, liebe Freunde der Kunst,<\/span><\/p>\n<p><span class=\"fontstyle0\">Halberstadt hatte einst den Ruf, eine der sch\u00f6nsten Fachwerkst\u00e4dte Deutschlands zu sein. Architektur, Wirtschaft und Kultur waren Ende des 19. und zu Beginn des 20. Jahrhunderts die tragenden Elemente f\u00fcr eine lebendige und selbstbewusste Stadt mit dem Beinamen \u201eDas Norddeutsche Rothenburg\u201c.<br \/>\nFotografien, die Halberstadt in der Zeit vor der Zerst\u00f6rung am 8. April 1945 zeigen, bilden die Basis f\u00fcr die fotografischen Kompositionen des Hallenser K\u00fcnstlers Torsten Milarg.<br \/>\nAus dem Bestand des St\u00e4dtischen Museums Halberstadt wurden die historischen Bildplatten bez\u00fcglich ihrer fotografischen Qualit\u00e4t und insbesondere ihrer Eignung als Motiv f\u00fcr eine fotografische Zeitreise analysiert. Dies war unabdingbare Voraussetzung, um die Aufnahmen mit den aktuellen digitalen Fotografien von Milarg zu kombinieren. Derartig hochwertige digitale Bildkompositionen sind nur bei nahezu identischer Szenerie, exaktem Standort, gleicher Perspektive, Lichteinfall, Schatten, Wetter sowie Tagesund Jahreszeit \u00fcberhaupt m\u00f6glich. Eine besondere Herausforderung stellt die Anpassung der nicht mehr bestimmbaren Brennweiten historischer Objektive dar.<br \/>\nMilarg zeigt den architektonischen und gesellschaftlichen Wandel in Szenerien bekannter Motive der Stadt, nimmt den Betrachter aber ebenso mit<br \/>\nauf eine Reise zu weniger bekannten Orten, zu kaum wiedererkennbaren Blickwinkeln und zu einer verwunderlichen Mischung aus zwei Augenblicken<br \/>\nin einem Abstand von 100 Jahren.<br \/>\nKunst braucht Werke! Die Ausstellung ist dem 30-j\u00e4hrigen Jubil\u00e4um der Halberstadtwerke gewidmet. Auch wenn keine der Bildkompositionen dies dokumentiert, so wurde das Unternehmen bereits 1861 als st\u00e4dtisches Gaswerk gegr\u00fcndet und steht seit mehr als 160 Jahren f\u00fcr die sichere Energieversorgung dieser Stadt.<br \/>\nEin besonderer Dank gilt dem K\u00fcnstler sowie der Leitung und den Mitarbeitern des St\u00e4dtischen Museums Halberstadt f\u00fcr die kompetente und kollegiale Unterst\u00fctzung des Projektes. Ohne sie und das Engagement der Marketingabteilung der Halberstadtwerke w\u00e4re diese Ausstellung nicht m\u00f6glich gewesen.<\/span><\/p>\n<p><span class=\"fontstyle0\"><br \/>\nViel Freude am Werk<br \/>\nProf. Dr. Rainer Gerloff<br \/>\n<\/span><\/p>\n<\/div><\/section><\/p>\n\n<style type=\"text\/css\" data-created_by=\"avia_inline_auto\" id=\"style-css-av-4e8m0g-71eda68e99682feea73158a56dfadb8e\">\n.flex_column.av-4e8m0g-71eda68e99682feea73158a56dfadb8e{\n-webkit-border-radius:0px 0px 0px 0px;\n-moz-border-radius:0px 0px 0px 0px;\nborder-radius:0px 0px 0px 0px;\n}\n<\/style>\n<div class='flex_column av-4e8m0g-71eda68e99682feea73158a56dfadb8e av_one_third  avia-builder-el-11  el_after_av_textblock  el_before_av_one_full  first flex_column_div av-zero-column-padding column-top-margin'     ><style type=\"text\/css\" data-created_by=\"avia_inline_auto\" id=\"style-css-av-kaiag5re-1c35d5d0be3f464df34e333554350339\">\n.avia-image-container.av-kaiag5re-1c35d5d0be3f464df34e333554350339 img.avia_image{\nbox-shadow:none;\n}\n.avia-image-container.av-kaiag5re-1c35d5d0be3f464df34e333554350339 .av-caption-image-overlay-bg{\nopacity:0.4;\nbackground-color:#000000;\n}\n.avia-image-container.av-kaiag5re-1c35d5d0be3f464df34e333554350339 .av-image-caption-overlay-center{\ncolor:#ffffff;\n}\n<\/style>\n<div  class='avia-image-container av-kaiag5re-1c35d5d0be3f464df34e333554350339 av-styling- avia-align-center  avia-builder-el-12  avia-builder-el-no-sibling  noHover av-overlay-hover-deactivate'   itemprop=\"image\" itemscope=\"itemscope\" itemtype=\"https:\/\/schema.org\/ImageObject\" ><div class=\"avia-image-container-inner\"><div class=\"avia-image-overlay-wrap\"><a href=\"https:\/\/tomil.de\/fotoshopwp\/halberstadtwerke\/\" class='avia_image' ><div class=\"av-image-caption-overlay\"><div class=\"av-caption-image-overlay-bg\"><\/div><div class=\"av-image-caption-overlay-position\"><div class=\"av-image-caption-overlay-center\"><p>Ausstellung Halberstadtwerke<\/p>\n<\/div><\/div><\/div><img decoding=\"async\" class='wp-image-1787 avia-img-lazy-loading-not-1787 avia_image ' src=\"https:\/\/tomil.de\/fotoshopwp\/wp-content\/uploads\/2022\/07\/HSW-Vernissage-073.jpg\" alt='' title='HSW Vernissage-073'  height=\"533\" width=\"800\"  itemprop=\"thumbnailUrl\" srcset=\"https:\/\/tomil.de\/fotoshopwp\/wp-content\/uploads\/2022\/07\/HSW-Vernissage-073.jpg 800w, https:\/\/tomil.de\/fotoshopwp\/wp-content\/uploads\/2022\/07\/HSW-Vernissage-073-300x200.jpg 300w, https:\/\/tomil.de\/fotoshopwp\/wp-content\/uploads\/2022\/07\/HSW-Vernissage-073-705x470.jpg 705w, https:\/\/tomil.de\/fotoshopwp\/wp-content\/uploads\/2022\/07\/HSW-Vernissage-073-600x400.jpg 600w\" sizes=\"(max-width: 800px) 100vw, 800px\" \/><\/a><\/div><\/div><\/div><\/div>\n<div class='flex_column av-59lig0-f30844d09bccf0477171539ff1220efe av_one_full  avia-builder-el-13  el_after_av_one_third  el_before_av_one_third  first flex_column_div column-top-margin'     ><div  class='hr av-av_hr-91d7ccd583a503147498e120fee2ff9b hr-default  avia-builder-el-14  avia-builder-el-no-sibling '><span class='hr-inner '><span class=\"hr-inner-style\"><\/span><\/span><\/div><\/div><div class='flex_column av-4hzfeo-d5f722ed0c935707ff779c29698fac25 av_one_third  avia-builder-el-15  el_after_av_one_full  el_before_av_two_third  first flex_column_div column-top-margin'     ><style type=\"text\/css\" data-created_by=\"avia_inline_auto\" id=\"style-css-av-lresfi90-f712c5d65c1010aeb2bd577100146ccf\">\n.avia-image-container.av-lresfi90-f712c5d65c1010aeb2bd577100146ccf img.avia_image{\nbox-shadow:none;\n}\n.avia-image-container.av-lresfi90-f712c5d65c1010aeb2bd577100146ccf .av-image-caption-overlay-center{\ncolor:#ffffff;\n}\n<\/style>\n<div  class='avia-image-container av-lresfi90-f712c5d65c1010aeb2bd577100146ccf av-styling- avia-align-center  avia-builder-el-16  avia-builder-el-no-sibling '   itemprop=\"image\" itemscope=\"itemscope\" itemtype=\"https:\/\/schema.org\/ImageObject\" ><div class=\"avia-image-container-inner\"><div class=\"avia-image-overlay-wrap\"><img decoding=\"async\" class='wp-image-1821 avia-img-lazy-loading-not-1821 avia_image ' src=\"https:\/\/tomil.de\/fotoshopwp\/wp-content\/uploads\/2024\/01\/Markusplatz_DSC_9414-1030x728.jpg\" alt='' title='Markusplatz_DSC_9414'  height=\"728\" width=\"1030\"  itemprop=\"thumbnailUrl\" srcset=\"https:\/\/tomil.de\/fotoshopwp\/wp-content\/uploads\/2024\/01\/Markusplatz_DSC_9414-1030x728.jpg 1030w, https:\/\/tomil.de\/fotoshopwp\/wp-content\/uploads\/2024\/01\/Markusplatz_DSC_9414-300x212.jpg 300w, https:\/\/tomil.de\/fotoshopwp\/wp-content\/uploads\/2024\/01\/Markusplatz_DSC_9414-1536x1085.jpg 1536w, https:\/\/tomil.de\/fotoshopwp\/wp-content\/uploads\/2024\/01\/Markusplatz_DSC_9414-2048x1447.jpg 2048w, https:\/\/tomil.de\/fotoshopwp\/wp-content\/uploads\/2024\/01\/Markusplatz_DSC_9414-1500x1060.jpg 1500w, https:\/\/tomil.de\/fotoshopwp\/wp-content\/uploads\/2024\/01\/Markusplatz_DSC_9414-260x185.jpg 260w, https:\/\/tomil.de\/fotoshopwp\/wp-content\/uploads\/2024\/01\/Markusplatz_DSC_9414-705x498.jpg 705w, https:\/\/tomil.de\/fotoshopwp\/wp-content\/uploads\/2024\/01\/Markusplatz_DSC_9414-600x424.jpg 600w\" sizes=\"(max-width: 1030px) 100vw, 1030px\" \/><\/div><\/div><\/div><\/div><\/p>\n<div class='flex_column av-2w55zk-d5ea33fe67ea75cbc6bebef27a36e859 av_two_third  avia-builder-el-17  el_after_av_one_third  el_before_av_hr  flex_column_div column-top-margin'     ><style type=\"text\/css\" data-created_by=\"avia_inline_auto\" id=\"style-css-av-lresqkta-6b8a3d98258c46fd92c0720398c68c9c\">\n#top .av_textblock_section.av-lresqkta-6b8a3d98258c46fd92c0720398c68c9c .avia_textblock{\n-webkit-column-count:2;\n-moz-column-count:2;\ncolumn-count:2;\n}\n<\/style>\n<section  class='av_textblock_section av-lresqkta-6b8a3d98258c46fd92c0720398c68c9c'  itemscope=\"itemscope\" itemtype=\"https:\/\/schema.org\/CreativeWork\" ><div class='avia_textblock av_multi_colums'  itemprop=\"text\" ><p><strong>Digitale Begegnung mit den Vorfahren 1910 \/ 2020<\/strong><\/p>\n<hr \/>\n<p class=\"_ap3a _aaco _aacu _aacx _aad7 _aade\" dir=\"auto\">Markus auf dem Markusplatz vor der Markuskirche in Venedig mit seinem Gro\u00dfvater als Kind und seinen Urgro\u00dfeltern.<br \/>\nEine Fotokompositionen aus einem historischen Foto ca. 1910 und einem aktuellen Foto 2020.<\/p>\n<p dir=\"auto\">Auch dieses Bild enth\u00e4lt augmented reality. Artivive App installieren, starten, auf das Bild richten und erleben.<\/p>\n<\/div><\/section><\/div>\n<div  class='hr av-av_hr-91d7ccd583a503147498e120fee2ff9b hr-default  avia-builder-el-19  el_after_av_two_third  avia-builder-el-last '><span class='hr-inner '><span class=\"hr-inner-style\"><\/span><\/span><\/div>\n ","protected":false},"excerpt":{"rendered":"","protected":false},"author":1,"featured_media":0,"parent":0,"menu_order":0,"comment_status":"closed","ping_status":"closed","template":"","meta":{"jetpack_post_was_ever_published":false,"footnotes":""},"aioseo_notices":[],"jetpack_sharing_enabled":false,"jetpack_shortlink":"https:\/\/wp.me\/Pb03Dh-hO","_links":{"self":[{"href":"https:\/\/tomil.de\/fotoshopwp\/wp-json\/wp\/v2\/pages\/1104"}],"collection":[{"href":"https:\/\/tomil.de\/fotoshopwp\/wp-json\/wp\/v2\/pages"}],"about":[{"href":"https:\/\/tomil.de\/fotoshopwp\/wp-json\/wp\/v2\/types\/page"}],"author":[{"embeddable":true,"href":"https:\/\/tomil.de\/fotoshopwp\/wp-json\/wp\/v2\/users\/1"}],"replies":[{"embeddable":true,"href":"https:\/\/tomil.de\/fotoshopwp\/wp-json\/wp\/v2\/comments?post=1104"}],"version-history":[{"count":28,"href":"https:\/\/tomil.de\/fotoshopwp\/wp-json\/wp\/v2\/pages\/1104\/revisions"}],"predecessor-version":[{"id":1916,"href":"https:\/\/tomil.de\/fotoshopwp\/wp-json\/wp\/v2\/pages\/1104\/revisions\/1916"}],"wp:attachment":[{"href":"https:\/\/tomil.de\/fotoshopwp\/wp-json\/wp\/v2\/media?parent=1104"}],"curies":[{"name":"wp","href":"https:\/\/api.w.org\/{rel}","templated":true}]}}